{"id":91,"date":"2018-12-25T14:05:38","date_gmt":"2018-12-25T14:05:38","guid":{"rendered":"https:\/\/cafe-cortado.tem.li\/?page_id=91"},"modified":"2026-03-03T22:41:13","modified_gmt":"2026-03-03T22:41:13","slug":"veranstaltungen-kurse-film","status":"publish","type":"page","link":"https:\/\/cafe-cortado.tem.li\/index.php\/veranstaltungen-kurse-film\/","title":{"rendered":"Veranstaltungen Filmdoku  \u00b4Cafe Rebeldia`+ Kaffeer\u00f6sten+Sandino Dr\u00f6hnung"},"content":{"rendered":"\n<h1 class=\"wp-block-heading\">We Proudly Present :<\/h1>\n\n\n\n<p>Cafe Salvador Coffee, 2.25oz pillow pack<\/p>\n\n\n\n<p><strong>Full City Roast<\/strong><\/p>\n\n\n\n<p>A full bodied, balanced and smooth coffee with tasting notes of chocolate brownie, fudge, and maple syrup. No added flavoring. Case contains 48 2.25oz packs<\/p>\n\n\n\n<p><a href=\"https:\/\/shop.equalexchange.coop\/collections\/coffee\/products\/cafe-salvador-coffee-2-25oz\">https:\/\/shop.equalexchange.coop\/collections\/coffee\/products\/cafe-salvador-coffee-2-25oz<\/a><\/p>\n\n\n\n<p>von unseren Partnern Equal Exchange USA und demn\u00e4chst hier im Angebot :<\/p>\n\n\n\n<p>CAFE LA CORTADORA ,KOSHER Cert.<\/p>\n\n\n\n<p><\/p>\n\n\n\n<p>Thomas B. Verified Buyer 5 star rating Pre-measured, Easy to Use Very convenient<\/p>\n\n\n\n<p><\/p>\n\n\n\n<p>02\/24\/24<\/p>\n\n\n\n<p>Zion (.Verified Buyer 5 star rating  The congregation at Zion Lutheran<\/p>\n\n\n\n<p>The congregation at Zion Lutheran Church loves this coffee!<\/p>\n\n\n\n<p>read more about review content The congregation at Zion Lutheran<\/p>\n\n\n\n<p>01\/18\/24  Abner S.  Verified Buyer 5 star rating   Top quality coffee  <\/p>\n\n\n\n<p><\/p>\n\n\n\n<p>01\/11\/24<\/p>\n\n\n\n<p>Dona D.<\/p>\n\n\n\n<p>Verified Buyer<\/p>\n\n\n\n<p>5 star rating    I have been ordering your product for our church for many years&#8230;.It is always good quality. Dona Davidson. Rochester ny  <\/p>\n\n\n\n<p>09\/27\/23<\/p>\n\n\n\n<p><\/p>\n\n\n\n<p><\/p>\n\n\n\n<p><\/p>\n\n\n\n<p><\/p>\n\n\n\n<figure class=\"wp-block-image\"><img loading=\"lazy\" decoding=\"async\" width=\"724\" height=\"1024\" src=\"https:\/\/cafe-cortado.tem.li\/wp-content\/uploads\/2019\/03\/SCAA-TASTING-WHEEL-20161-1-724x1024.jpg\" alt=\"\" class=\"wp-image-394\" srcset=\"https:\/\/cafe-cortado.tem.li\/wp-content\/uploads\/2019\/03\/SCAA-TASTING-WHEEL-20161-1-724x1024.jpg 724w, https:\/\/cafe-cortado.tem.li\/wp-content\/uploads\/2019\/03\/SCAA-TASTING-WHEEL-20161-1-212x300.jpg 212w, https:\/\/cafe-cortado.tem.li\/wp-content\/uploads\/2019\/03\/SCAA-TASTING-WHEEL-20161-1-768x1086.jpg 768w, https:\/\/cafe-cortado.tem.li\/wp-content\/uploads\/2019\/03\/SCAA-TASTING-WHEEL-20161-1.jpg 800w\" sizes=\"auto, (max-width: 724px) 100vw, 724px\" \/><\/figure>\n\n\n\n<p><\/p>\n\n\n\n<p>Wir haben die Videodokumentation \u00b4CAFE REBELDIA`,75min, aus M\u00e9xico im Vertrieb bzw. vermitteln ihn.<\/p>\n\n\n\n<p>Der Film beschreibt die Anf\u00e4nge des zapatistischen<br>\nKaffeevertriebs anhand der Geschichte der zapatistischen Kaffeekooperativen Mut Vitz<br>\n(Berg der V\u00f6gel) und Yachil Xojoval Chulchan (Neues Licht des Himmels) \nin Chiapas sowie den Widerstand gegen das Nestl\u00e9 Robustakaffee \nAnbauprojekt in der Region Tezonapa\/Veracruz.<\/p>\n\n\n\n<figure class=\"wp-block-image\"><img loading=\"lazy\" decoding=\"async\" width=\"1024\" height=\"684\" src=\"https:\/\/cafe-cortado.tem.li\/wp-content\/uploads\/2019\/03\/yachilcompaundkind-1024x684.jpg\" alt=\"\" class=\"wp-image-362\" srcset=\"https:\/\/cafe-cortado.tem.li\/wp-content\/uploads\/2019\/03\/yachilcompaundkind-1024x684.jpg 1024w, https:\/\/cafe-cortado.tem.li\/wp-content\/uploads\/2019\/03\/yachilcompaundkind-300x200.jpg 300w, https:\/\/cafe-cortado.tem.li\/wp-content\/uploads\/2019\/03\/yachilcompaundkind-768x513.jpg 768w, https:\/\/cafe-cortado.tem.li\/wp-content\/uploads\/2019\/03\/yachilcompaundkind-1200x801.jpg 1200w, https:\/\/cafe-cortado.tem.li\/wp-content\/uploads\/2019\/03\/yachilcompaundkind.jpg 1624w\" sizes=\"auto, (max-width: 767px) 89vw, (max-width: 1000px) 54vw, (max-width: 1071px) 543px, 580px\" \/><\/figure>\n\n\n\n<p>Hinzu kommen Eindr\u00fccke von der Marcha Zapatista, der<br> Landarbeiterbewegung El Barzon\/Via Campesina und den zapatistischen Encuentros im Caracol II Oventik\/Chiapas\/M\u00e9xico.<br> Preis 22.- Euro (inkl. Versand) &nbsp; <br> Deutsch oder Spanisch&nbsp; bei Bestellung bitte angeben!<\/p>\n\n\n\n<p>bei  cafe-cortado@systemli.org<br><\/p>\n\n\n\n<p><\/p>\n\n\n\n<p>Auf Spanisch kann man das Video auch in San Cristobal de las Casas  ,Chiapas\/M\u00e9xico in den Tiendas von Imagenarte und KINOKI erwerben.<\/p>\n\n\n\n<p>Die Spanische Version ist in 4 Teilen auf Youtube zu sehen:<\/p>\n\n\n\n<p>Cafe Rebeldia , espanol parte 1-4<\/p>\n\n\n\n<figure class=\"wp-block-embed is-type-video is-provider-youtube wp-block-embed-youtube wp-embed-aspect-4-3 wp-has-aspect-ratio\"><div class=\"wp-block-embed__wrapper\">\n<iframe loading=\"lazy\" title=\"CAFE REBELDIA, esp. parte 1\" width=\"525\" height=\"394\" src=\"https:\/\/www.youtube.com\/embed\/Ko5N19Cu_pU?feature=oembed\" frameborder=\"0\" allow=\"accelerometer; autoplay; clipboard-write; encrypted-media; gyroscope; picture-in-picture; web-share\" referrerpolicy=\"strict-origin-when-cross-origin\" allowfullscreen><\/iframe>\n<\/div><\/figure>\n\n\n\n<figure class=\"wp-block-embed is-type-video is-provider-youtube wp-block-embed-youtube wp-embed-aspect-4-3 wp-has-aspect-ratio\"><div class=\"wp-block-embed__wrapper\">\n<iframe loading=\"lazy\" title=\"CAFE REBELDIA, esp.parte 2\" width=\"525\" height=\"394\" src=\"https:\/\/www.youtube.com\/embed\/EsAHbBdwgxs?feature=oembed\" frameborder=\"0\" allow=\"accelerometer; autoplay; clipboard-write; encrypted-media; gyroscope; picture-in-picture; web-share\" referrerpolicy=\"strict-origin-when-cross-origin\" allowfullscreen><\/iframe>\n<\/div><\/figure>\n\n\n\n<figure class=\"wp-block-embed is-type-video is-provider-youtube wp-block-embed-youtube wp-embed-aspect-4-3 wp-has-aspect-ratio\"><div class=\"wp-block-embed__wrapper\">\n<iframe loading=\"lazy\" title=\"CAFE REBELDIA, esp.parte 3\" width=\"525\" height=\"394\" src=\"https:\/\/www.youtube.com\/embed\/hNNFhYnKW_s?feature=oembed\" frameborder=\"0\" allow=\"accelerometer; autoplay; clipboard-write; encrypted-media; gyroscope; picture-in-picture; web-share\" referrerpolicy=\"strict-origin-when-cross-origin\" allowfullscreen><\/iframe>\n<\/div><\/figure>\n\n\n\n<figure class=\"wp-block-embed is-type-video is-provider-youtube wp-block-embed-youtube wp-embed-aspect-4-3 wp-has-aspect-ratio\"><div class=\"wp-block-embed__wrapper\">\n<iframe loading=\"lazy\" title=\"CAFE REBELDIA, esp. parte 4\" width=\"525\" height=\"394\" src=\"https:\/\/www.youtube.com\/embed\/DRChTI71mo4?feature=oembed\" frameborder=\"0\" allow=\"accelerometer; autoplay; clipboard-write; encrypted-media; gyroscope; picture-in-picture; web-share\" referrerpolicy=\"strict-origin-when-cross-origin\" allowfullscreen><\/iframe>\n<\/div><\/figure>\n\n\n\n<p><br> Gerne komme ich als Autor des Films bei Auff\u00fchrungen hinzu!<\/p>\n\n\n\n<p>Die deutsche Fassung gibt es f\u00fcr Kinos auch als DCP zum ausleihen und<\/p>\n\n\n\n<p>sie gibt es auch in der Unibibliothek Frankfurt\/M zum ausleihen:<\/p>\n\n\n\n<p><a href=\"https:\/\/hds.hebis.de\/ubffm\/Record\/HEB454316593\">https:\/\/hds.hebis.de\/ubffm\/Record\/HEB454316593<\/a><\/p>\n\n\n\n<p><\/p>\n\n\n\n<p>sch\u00f6ne Gr\u00fc\u00dfe<br>\nJan Braunholz<\/p>\n\n\n\n<p>hier die deutsche Version:<\/p>\n\n\n\n<figure class=\"wp-block-embed is-type-video is-provider-youtube wp-block-embed-youtube wp-embed-aspect-4-3 wp-has-aspect-ratio\"><div class=\"wp-block-embed__wrapper\">\n<iframe loading=\"lazy\" title=\"CAFE REBELDIA, (Mexico),german version\" width=\"525\" height=\"394\" src=\"https:\/\/www.youtube.com\/embed\/XAqbjJR0qRU?feature=oembed\" frameborder=\"0\" allow=\"accelerometer; autoplay; clipboard-write; encrypted-media; gyroscope; picture-in-picture; web-share\" referrerpolicy=\"strict-origin-when-cross-origin\" allowfullscreen><\/iframe>\n<\/div><\/figure>\n\n\n\n<p>El documental no tenia ningun financiamento y la cuenta de donaciones es aqui :<\/p>\n\n\n\n<p>Die Dokumentation hat keinerlei Finanzierung.Spenden bitte auf folgendes Konto:<\/p>\n\n\n\n<p><a rel=\"noreferrer noopener\" href=\"https:\/\/www.youtube.com\/redirect?q=http%3A%2F%2Fpaypal.me%2FJanBraunholz&amp;redir_token=N8HTNEB2juGh1LO9aV5gC9T1BFt8MTU4OTUzNjgwM0AxNTg5NDUwNDAz&amp;stzid=Ugx-4TlLMPH9IaZRhoJ4AaABAg&amp;event=comments\" target=\"_blank\">paypal.me\/JanBraunholz<\/a><\/p>\n\n\n\n<p><\/p>\n\n\n\n<p><a href=\"http:\/\/www.filmportal.de\/film\/cafe-rebeldia_a3cbb909578f44bbbc1f2c0f882c4975\">http:\/\/www.filmportal.de\/film\/cafe-rebeldia_a3cbb909578f44bbbc1f2c0f882c4975<\/a><\/p>\n\n\n\n<p><\/p>\n\n\n\n<p>Problemas del Comercio Justo en los Altos de Chiapas\/Mexico <\/p>\n\n\n\n<p><\/p>\n\n\n\n<figure class=\"wp-block-embed is-type-video is-provider-vimeo wp-block-embed-vimeo\"><div class=\"wp-block-embed__wrapper\">\n<iframe loading=\"lazy\" title=\"problemas de comercio justo:entr.lucio gonzalez ruiz,chiapas\/mexico\" src=\"https:\/\/player.vimeo.com\/video\/110156494?dnt=1&amp;app_id=122963\" width=\"352\" height=\"288\" frameborder=\"0\" allow=\"autoplay; fullscreen; picture-in-picture; clipboard-write; encrypted-media; web-share\" referrerpolicy=\"strict-origin-when-cross-origin\"><\/iframe>\n<\/div><\/figure>\n\n\n\n<p><\/p>\n\n\n\n<p>Sandino Dr\u00f6hnung <\/p>\n\n\n\n<p>35mm Kino Spot 1986 <\/p>\n\n\n\n<figure class=\"wp-block-embed is-type-video is-provider-vimeo wp-block-embed-vimeo wp-embed-aspect-4-3 wp-has-aspect-ratio\"><div class=\"wp-block-embed__wrapper\">\n<iframe loading=\"lazy\" title=\"Sandino Dro\u0308hnung\" src=\"https:\/\/player.vimeo.com\/video\/351766796?dnt=1&amp;app_id=122963\" width=\"525\" height=\"394\" frameborder=\"0\" allow=\"autoplay; fullscreen; picture-in-picture; clipboard-write; encrypted-media; web-share\" referrerpolicy=\"strict-origin-when-cross-origin\"><\/iframe>\n<\/div><\/figure>\n\n\n\n<p><\/p>\n\n\n\n<p>Sandino Dr\u00f6hnung : zum Import von Kooperativen-Kaffee aus Nicaragua  <\/p>\n\n\n\n<p>1982 gab im Berliner Nicaragua und El Salvador Komittee die Idee eine Solidarit\u00e4ts-Kaffeebrigade zur Unterst\u00fctzung der Kaffee-Ernte zu organisieren. Diese war dann im Februar 1983 zusammen mit anderen Brigadisten im Norden von Nicaragua in der Region Jinotega und Matagalpa und bereitete die anschlie\u00dfende gro\u00dfe Kaffee-Ernte-Brigade  \u00b4Todos juntos venceremos` vor. Es war die Zeit des US finanzierten Contra Kriegs gegen Nicaragua und der Verminung der H\u00e4fen durch den CIA.  Infolge wurde der zweite Kaffee-Import organisiert um die sandinistische Revolution mit mehr Geld als bis dato zu unterst\u00fctzen. Dies wurde dann 1985\/86 mit der Gr\u00fcndung der Berliner Kaffeegenossenschaft und des Vereins Adelante umgesetzt : Sandino Dr\u00f6hnung statt Jacobs Kr\u00f6nung ! das war unser Motto !  <\/p>\n\n\n\n<p>Zu  El Salvador und Guatemala  gab es Ende der 80\u00b4ziger Jahre Kaffee-Boykott-Aktionen. Die salvadorenische Regierung lagerte wg der st\u00e4ndigen FMLN Guerilla-\u00dcberfalle auf die Kaffeefincas der 14 gr\u00f6\u00dften Familien ihre Kaffee-Ernte im Hamburger Hafen aus. Das rief die damalige Solibewegung auf den Plan .<\/p>\n\n\n\n<p><\/p>\n\n\n\n<figure class=\"wp-block-image size-large\"><img loading=\"lazy\" decoding=\"async\" width=\"585\" height=\"1024\" src=\"https:\/\/cafe-cortado.tem.li\/wp-content\/uploads\/2022\/05\/Alles-Frisch-Kaffee-an-Blut-klebt-\u00a9Jan-Braunholz-585x1024.jpg\" alt=\"\" class=\"wp-image-997\" srcset=\"https:\/\/cafe-cortado.tem.li\/wp-content\/uploads\/2022\/05\/Alles-Frisch-Kaffee-an-Blut-klebt-\u00a9Jan-Braunholz-585x1024.jpg 585w, https:\/\/cafe-cortado.tem.li\/wp-content\/uploads\/2022\/05\/Alles-Frisch-Kaffee-an-Blut-klebt-\u00a9Jan-Braunholz-171x300.jpg 171w, https:\/\/cafe-cortado.tem.li\/wp-content\/uploads\/2022\/05\/Alles-Frisch-Kaffee-an-Blut-klebt-\u00a9Jan-Braunholz-768x1344.jpg 768w, https:\/\/cafe-cortado.tem.li\/wp-content\/uploads\/2022\/05\/Alles-Frisch-Kaffee-an-Blut-klebt-\u00a9Jan-Braunholz-878x1536.jpg 878w, https:\/\/cafe-cortado.tem.li\/wp-content\/uploads\/2022\/05\/Alles-Frisch-Kaffee-an-Blut-klebt-\u00a9Jan-Braunholz-1170x2048.jpg 1170w, https:\/\/cafe-cortado.tem.li\/wp-content\/uploads\/2022\/05\/Alles-Frisch-Kaffee-an-Blut-klebt-\u00a9Jan-Braunholz-scaled.jpg 1463w\" sizes=\"auto, (max-width: 585px) 100vw, 585px\" \/><\/figure>\n\n\n\n<p>Nach den Friedensvertr\u00e4gen von 1992 in El Salvador wurde der Boykott <\/p>\n\n\n\n<p>umgestaltet und zusammen mit der Mitka GmbH Berlin der Import <\/p>\n\n\n\n<p>f\u00fcr Cafe la Cortadora organisiert. Mehr dazu bei Projekte.<\/p>\n\n\n\n<p>Hier nun noch ein S-8 Film von Dethlev Cordts \u00fcber die <\/p>\n\n\n\n<p>Hausbau Brigade in Nicaragua : \u00b4 Talolinga 1984 <\/p>\n\n\n\n<p><a href=\"https:\/\/www.youtube.com\/watch?v=qeC21dTAcOs\">https:\/\/www.youtube.com\/watch?v=qeC21dTAcOs<\/a>`<\/p>\n\n\n\n<p><\/p>\n\n\n\n<p><\/p>\n\n\n\n<p>Dokumentation Frau Maria Weis<\/p>\n\n\n\n<p><\/p>\n\n\n\n<figure class=\"wp-block-image size-large\"><img loading=\"lazy\" decoding=\"async\" width=\"601\" height=\"848\" src=\"https:\/\/cafe-cortado.tem.li\/wp-content\/uploads\/2019\/11\/9.jpg\" alt=\"\" class=\"wp-image-663\" srcset=\"https:\/\/cafe-cortado.tem.li\/wp-content\/uploads\/2019\/11\/9.jpg 601w, https:\/\/cafe-cortado.tem.li\/wp-content\/uploads\/2019\/11\/9-213x300.jpg 213w\" sizes=\"auto, (max-width: 601px) 100vw, 601px\" \/><figcaption class=\"wp-element-caption\">Biographie Maria Weis<\/figcaption><\/figure>\n\n\n\n<p>Das 35 min\u00fctige Interview mit Frau Weis,<\/p>\n\n\n\n<p>Roma-\u00dcberlebende der Shoa  ist in den Ausstellungen des Frauen KZ Ravensbr\u00fcck und KZ Bergen Belsen  integriert.<\/p>\n\n\n\n<p>Hier ist der Interview ,35 min <\/p>\n\n\n\n<p><a href=\"https:\/\/www.youtube.com\/watch?v=_57WiTCkGQ0\">https:\/\/www.youtube.com\/watch?v=_57WiTCkGQ0<\/a> <\/p>\n\n\n\n<p><\/p>\n\n\n\n<p>Es folgen 2020 noch l\u00e4ngere Zeitzeugen Testimonies von Alex Feingold ,Auschwitz \u00dcberlebender und Insasse vom DP Camp Zeilsheim (Frankfurt\/M)<\/p>\n\n\n\n<p>weitere Infos beim Wollheim Memorial<\/p>\n\n\n\n<p><a href=\"http:\/\/www.wollheim-memorial.de\/en\/home\">http:\/\/www.wollheim-memorial.de\/en\/home<\/a><\/p>\n\n\n\n<p><\/p>\n\n\n\n<h2 class=\"wp-block-heading\" id=\"kaffeerosten\"><strong>KAFFEER\u00d6STEN<\/strong><\/h2>\n\n\n\n<p>Auf Anfrage mache ich auch Kaffeer\u00f6stveranstaltungen mit einem<\/p>\n\n\n\n<p>mobilen Elekro-R\u00f6ster Massol 3kg zb. f\u00fcr Weltl\u00e4den, Wohnprojekte etc<\/p>\n\n\n\n<figure class=\"wp-block-image size-large\"><img loading=\"lazy\" decoding=\"async\" width=\"1024\" height=\"683\" src=\"https:\/\/cafe-cortado.tem.li\/wp-content\/uploads\/2019\/03\/DSC03708-1024x683.jpg\" alt=\"\" class=\"wp-image-364\" srcset=\"https:\/\/cafe-cortado.tem.li\/wp-content\/uploads\/2019\/03\/DSC03708-1024x683.jpg 1024w, https:\/\/cafe-cortado.tem.li\/wp-content\/uploads\/2019\/03\/DSC03708-300x200.jpg 300w, https:\/\/cafe-cortado.tem.li\/wp-content\/uploads\/2019\/03\/DSC03708-768x512.jpg 768w, https:\/\/cafe-cortado.tem.li\/wp-content\/uploads\/2019\/03\/DSC03708-1200x800.jpg 1200w\" sizes=\"auto, (max-width: 767px) 89vw, (max-width: 1000px) 54vw, (max-width: 1071px) 543px, 580px\" \/><\/figure>\n\n\n\n<p>oder f\u00fcr Cuppingkurse mit dem Probenr\u00f6ster Probat PR E 1 Z<\/p>\n\n\n\n<figure class=\"wp-block-image size-large\"><img loading=\"lazy\" decoding=\"async\" width=\"1024\" height=\"683\" src=\"https:\/\/cafe-cortado.tem.li\/wp-content\/uploads\/2022\/02\/Probat-PR-E-1Z\u00a9Jan-Braunholz-1024x683.jpg\" alt=\"\" class=\"wp-image-928\" srcset=\"https:\/\/cafe-cortado.tem.li\/wp-content\/uploads\/2022\/02\/Probat-PR-E-1Z\u00a9Jan-Braunholz-1024x683.jpg 1024w, https:\/\/cafe-cortado.tem.li\/wp-content\/uploads\/2022\/02\/Probat-PR-E-1Z\u00a9Jan-Braunholz-300x200.jpg 300w, https:\/\/cafe-cortado.tem.li\/wp-content\/uploads\/2022\/02\/Probat-PR-E-1Z\u00a9Jan-Braunholz-768x512.jpg 768w, https:\/\/cafe-cortado.tem.li\/wp-content\/uploads\/2022\/02\/Probat-PR-E-1Z\u00a9Jan-Braunholz-1536x1024.jpg 1536w, https:\/\/cafe-cortado.tem.li\/wp-content\/uploads\/2022\/02\/Probat-PR-E-1Z\u00a9Jan-Braunholz-2048x1365.jpg 2048w\" sizes=\"auto, (max-width: 767px) 89vw, (max-width: 1000px) 54vw, (max-width: 1071px) 543px, 580px\" \/><\/figure>\n\n\n\n<div data-wp-interactive=\"core\/file\" class=\"wp-block-file\"><object data-wp-bind--hidden=\"!state.hasPdfPreview\" hidden class=\"wp-block-file__embed\" data=\"https:\/\/cafe-cortado.tem.li\/wp-content\/uploads\/2021\/12\/Heimatbote-Kaffeero\u0308ster-Jan-vor-Weltladen-Bad-Wimpfen-19.09.14-1.pdf\" type=\"application\/pdf\" style=\"width:100%;height:600px\" aria-label=\"Einbettung von Heimatbote-Kaffeero\u0308ster-Jan-vor-Weltladen-Bad-Wimpfen-19.09.14-1.\"><\/object><a id=\"wp-block-file--media-53a12d30-a7e3-436e-a39d-24ebf1484643\" href=\"https:\/\/cafe-cortado.tem.li\/wp-content\/uploads\/2021\/12\/Heimatbote-Kaffeero\u0308ster-Jan-vor-Weltladen-Bad-Wimpfen-19.09.14-1.pdf\">Heimatbote-Kaffeero\u0308ster-Jan-vor-Weltladen-Bad-Wimpfen-19.09.14-1<\/a><a href=\"https:\/\/cafe-cortado.tem.li\/wp-content\/uploads\/2021\/12\/Heimatbote-Kaffeero\u0308ster-Jan-vor-Weltladen-Bad-Wimpfen-19.09.14-1.pdf\" class=\"wp-block-file__button wp-element-button\" download aria-describedby=\"wp-block-file--media-53a12d30-a7e3-436e-a39d-24ebf1484643\">Herunterladen<\/a><\/div>\n\n\n\n<p><\/p>\n","protected":false},"excerpt":{"rendered":"<p>We Proudly Present : Cafe Salvador Coffee, 2.25oz pillow pack Full City Roast A full bodied, balanced and smooth coffee with tasting notes of chocolate brownie, fudge, and maple syrup. No added flavoring. Case contains 48 2.25oz packs https:\/\/shop.equalexchange.coop\/collections\/coffee\/products\/cafe-salvador-coffee-2-25oz von unseren Partnern Equal Exchange USA und demn\u00e4chst hier im Angebot : CAFE LA CORTADORA ,KOSHER &hellip; <\/p>\n<p class=\"link-more\"><a href=\"https:\/\/cafe-cortado.tem.li\/index.php\/veranstaltungen-kurse-film\/\" class=\"more-link\"><span class=\"screen-reader-text\">\u201eVeranstaltungen Filmdoku  \u00b4Cafe Rebeldia`+ Kaffeer\u00f6sten+Sandino Dr\u00f6hnung\u201c <\/span>weiterlesen<\/a><\/p>\n","protected":false},"author":1,"featured_media":0,"parent":0,"menu_order":0,"comment_status":"closed","ping_status":"closed","template":"","meta":{"footnotes":""},"class_list":["post-91","page","type-page","status-publish","hentry"],"_links":{"self":[{"href":"https:\/\/cafe-cortado.tem.li\/index.php\/wp-json\/wp\/v2\/pages\/91","targetHints":{"allow":["GET"]}}],"collection":[{"href":"https:\/\/cafe-cortado.tem.li\/index.php\/wp-json\/wp\/v2\/pages"}],"about":[{"href":"https:\/\/cafe-cortado.tem.li\/index.php\/wp-json\/wp\/v2\/types\/page"}],"author":[{"embeddable":true,"href":"https:\/\/cafe-cortado.tem.li\/index.php\/wp-json\/wp\/v2\/users\/1"}],"replies":[{"embeddable":true,"href":"https:\/\/cafe-cortado.tem.li\/index.php\/wp-json\/wp\/v2\/comments?post=91"}],"version-history":[{"count":73,"href":"https:\/\/cafe-cortado.tem.li\/index.php\/wp-json\/wp\/v2\/pages\/91\/revisions"}],"predecessor-version":[{"id":1357,"href":"https:\/\/cafe-cortado.tem.li\/index.php\/wp-json\/wp\/v2\/pages\/91\/revisions\/1357"}],"wp:attachment":[{"href":"https:\/\/cafe-cortado.tem.li\/index.php\/wp-json\/wp\/v2\/media?parent=91"}],"curies":[{"name":"wp","href":"https:\/\/api.w.org\/{rel}","templated":true}]}}